{"id":14,"date":"2023-05-18T17:11:45","date_gmt":"2023-05-18T17:11:45","guid":{"rendered":"https:\/\/www.vecinosxcolladomediano.com\/?page_id=14"},"modified":"2026-04-28T10:03:06","modified_gmt":"2026-04-28T10:03:06","slug":"acerca-de","status":"publish","type":"page","link":"https:\/\/www.vecinosxcolladomediano.com\/?page_id=14","title":{"rendered":"Quienes Somos"},"content":{"rendered":"\n<p class=\"has-text-align-center has-text-color\" style=\"color:#2b5b34;font-size:23px\"><strong>La frase que nos defin\u00eda all\u00e1 por el a\u00f1o&nbsp;2015, &#8220;gente corriente por un pueblo mejor&#8221;, sigue estando presente como valor identitario de nuestras propuestas para Collado Mediano.&nbsp;<\/strong><\/p>\n\n\n\n<p class=\"has-text-align-center has-text-color\" style=\"color:#2b5b34;font-size:23px\"><strong>En Vecinos por Collado Mediano creemos firmemente en el gran potencial que tiene nuestro pueblo, potencial humano, medioambiental, cultural, econ\u00f3mico y un largo etc.&nbsp; que nos hace seguir pensando en un proyecto de pueblo, en el que todas y todos contamos y podemos decidir.<\/strong><\/p>\n\n\n\n<p><\/p>\n\n\n\n<hr class=\"wp-block-separator has-alpha-channel-opacity\"\/>\n\n\n\n<h2 class=\"wp-block-heading has-text-align-center has-text-color\" style=\"color:#1e8552;font-size:22px\">Trabajando por la movilidad sostenible.<\/h2>\n\n\n\n<p><\/p>\n\n\n\n<figure class=\"wp-block-image size-large is-resized\"><img loading=\"lazy\" decoding=\"async\" width=\"1024\" height=\"504\" src=\"http:\/\/www.vecinosxcolladomediano.com\/wp-content\/uploads\/2023\/05\/BICICLETADA-Colllage-1024x504.jpg\" alt=\"\" class=\"wp-image-130\" style=\"width:611px;height:301px\" srcset=\"https:\/\/www.vecinosxcolladomediano.com\/wp-content\/uploads\/2023\/05\/BICICLETADA-Colllage-1024x504.jpg 1024w, https:\/\/www.vecinosxcolladomediano.com\/wp-content\/uploads\/2023\/05\/BICICLETADA-Colllage-300x148.jpg 300w, https:\/\/www.vecinosxcolladomediano.com\/wp-content\/uploads\/2023\/05\/BICICLETADA-Colllage-768x378.jpg 768w, https:\/\/www.vecinosxcolladomediano.com\/wp-content\/uploads\/2023\/05\/BICICLETADA-Colllage.jpg 1200w\" sizes=\"auto, (max-width: 1024px) 100vw, 1024px\" \/><\/figure>\n\n\n\n<h2 class=\"wp-block-heading has-text-align-center has-text-color\" style=\"color:#1e8552;font-size:22px\">Un cl\u00e1sico en VXCM, nuestras bicicletadas.<\/h2>\n\n\n\n<figure class=\"wp-block-image aligncenter size-large is-resized\"><img loading=\"lazy\" decoding=\"async\" width=\"1024\" height=\"768\" src=\"http:\/\/www.vecinosxcolladomediano.com\/wp-content\/uploads\/2023\/05\/IMG-20230521-WA0008-1024x768.jpg\" alt=\"\" class=\"wp-image-138\" style=\"width:276px;height:207px\" srcset=\"https:\/\/www.vecinosxcolladomediano.com\/wp-content\/uploads\/2023\/05\/IMG-20230521-WA0008-1024x768.jpg 1024w, https:\/\/www.vecinosxcolladomediano.com\/wp-content\/uploads\/2023\/05\/IMG-20230521-WA0008-300x225.jpg 300w, https:\/\/www.vecinosxcolladomediano.com\/wp-content\/uploads\/2023\/05\/IMG-20230521-WA0008-768x576.jpg 768w, https:\/\/www.vecinosxcolladomediano.com\/wp-content\/uploads\/2023\/05\/IMG-20230521-WA0008-1536x1152.jpg 1536w, https:\/\/www.vecinosxcolladomediano.com\/wp-content\/uploads\/2023\/05\/IMG-20230521-WA0008-1568x1176.jpg 1568w, https:\/\/www.vecinosxcolladomediano.com\/wp-content\/uploads\/2023\/05\/IMG-20230521-WA0008.jpg 2000w\" sizes=\"auto, (max-width: 1024px) 100vw, 1024px\" \/><\/figure>\n\n\n\n<p><\/p>\n\n\n\n<hr class=\"wp-block-separator has-alpha-channel-opacity\"\/>\n\n\n\n<figure class=\"wp-block-image aligncenter size-full is-resized\"><img loading=\"lazy\" decoding=\"async\" width=\"720\" height=\"1018\" src=\"http:\/\/www.vecinosxcolladomediano.com\/wp-content\/uploads\/2023\/05\/bellotada-cartel.jpg\" alt=\"\" class=\"wp-image-151\" style=\"width:296px;height:419px\" srcset=\"https:\/\/www.vecinosxcolladomediano.com\/wp-content\/uploads\/2023\/05\/bellotada-cartel.jpg 720w, https:\/\/www.vecinosxcolladomediano.com\/wp-content\/uploads\/2023\/05\/bellotada-cartel-212x300.jpg 212w\" sizes=\"auto, (max-width: 720px) 100vw, 720px\" \/><\/figure>\n\n\n\n<p><\/p>\n\n\n\n<h2 class=\"wp-block-heading has-text-align-center has-text-color\" style=\"color:#1c8143;font-size:22px\">Las bellotadas. Cuidando y recuperando nuestro monte.<\/h2>\n\n\n\n<figure class=\"wp-block-image aligncenter size-full is-resized\"><img loading=\"lazy\" decoding=\"async\" width=\"896\" height=\"721\" src=\"https:\/\/www.vecinosxcolladomediano.com\/wp-content\/uploads\/2023\/05\/BELLOTADA-1-1.jpg\" alt=\"\" class=\"wp-image-155\" style=\"width:526px;height:422px\" srcset=\"https:\/\/www.vecinosxcolladomediano.com\/wp-content\/uploads\/2023\/05\/BELLOTADA-1-1.jpg 896w, https:\/\/www.vecinosxcolladomediano.com\/wp-content\/uploads\/2023\/05\/BELLOTADA-1-1-300x241.jpg 300w, https:\/\/www.vecinosxcolladomediano.com\/wp-content\/uploads\/2023\/05\/BELLOTADA-1-1-768x618.jpg 768w\" sizes=\"auto, (max-width: 896px) 100vw, 896px\" \/><\/figure>\n\n\n\n<p><\/p>\n\n\n\n<hr class=\"wp-block-separator has-alpha-channel-opacity\"\/>\n\n\n\n<figure class=\"wp-block-image aligncenter size-full is-resized\"><img loading=\"lazy\" decoding=\"async\" width=\"526\" height=\"526\" src=\"http:\/\/www.vecinosxcolladomediano.com\/wp-content\/uploads\/2023\/05\/asamblea-abierta-18-diciembre-1.jpg\" alt=\"\" class=\"wp-image-141\" style=\"width:472px;height:472px\" srcset=\"https:\/\/www.vecinosxcolladomediano.com\/wp-content\/uploads\/2023\/05\/asamblea-abierta-18-diciembre-1.jpg 526w, https:\/\/www.vecinosxcolladomediano.com\/wp-content\/uploads\/2023\/05\/asamblea-abierta-18-diciembre-1-300x300.jpg 300w, https:\/\/www.vecinosxcolladomediano.com\/wp-content\/uploads\/2023\/05\/asamblea-abierta-18-diciembre-1-150x150.jpg 150w\" sizes=\"auto, (max-width: 526px) 100vw, 526px\" \/><\/figure>\n\n\n\n<h2 class=\"wp-block-heading has-text-align-center has-text-color\" style=\"color:#c32626;font-size:22px\">La participaci\u00f3n como eje de nuestra pol\u00edtica municipal.<\/h2>\n\n\n\n<p><\/p>\n\n\n\n<hr class=\"wp-block-separator has-alpha-channel-opacity\"\/>\n\n\n\n<p><\/p>\n\n\n\n<figure class=\"wp-block-image aligncenter size-full is-resized\"><img loading=\"lazy\" decoding=\"async\" width=\"414\" height=\"371\" src=\"http:\/\/www.vecinosxcolladomediano.com\/wp-content\/uploads\/2023\/05\/TIENES-PREGUNTAS.jpg\" alt=\"\" class=\"wp-image-172\" style=\"width:493px;height:442px\" srcset=\"https:\/\/www.vecinosxcolladomediano.com\/wp-content\/uploads\/2023\/05\/TIENES-PREGUNTAS.jpg 414w, https:\/\/www.vecinosxcolladomediano.com\/wp-content\/uploads\/2023\/05\/TIENES-PREGUNTAS-300x269.jpg 300w\" sizes=\"auto, (max-width: 414px) 100vw, 414px\" \/><\/figure>\n\n\n\n<p><\/p>\n\n\n\n<hr class=\"wp-block-separator has-alpha-channel-opacity\"\/>\n\n\n\n<p><\/p>\n\n\n\n<figure class=\"wp-block-image size-large\"><img loading=\"lazy\" decoding=\"async\" width=\"1024\" height=\"576\" src=\"http:\/\/www.vecinosxcolladomediano.com\/wp-content\/uploads\/2023\/05\/IMG-20190526-WA0003-1024x576.jpg\" alt=\"\" class=\"wp-image-157\" srcset=\"https:\/\/www.vecinosxcolladomediano.com\/wp-content\/uploads\/2023\/05\/IMG-20190526-WA0003-1024x576.jpg 1024w, https:\/\/www.vecinosxcolladomediano.com\/wp-content\/uploads\/2023\/05\/IMG-20190526-WA0003-300x169.jpg 300w, https:\/\/www.vecinosxcolladomediano.com\/wp-content\/uploads\/2023\/05\/IMG-20190526-WA0003-768x432.jpg 768w, https:\/\/www.vecinosxcolladomediano.com\/wp-content\/uploads\/2023\/05\/IMG-20190526-WA0003-1536x864.jpg 1536w, https:\/\/www.vecinosxcolladomediano.com\/wp-content\/uploads\/2023\/05\/IMG-20190526-WA0003-1568x882.jpg 1568w, https:\/\/www.vecinosxcolladomediano.com\/wp-content\/uploads\/2023\/05\/IMG-20190526-WA0003.jpg 1600w\" sizes=\"auto, (max-width: 1024px) 100vw, 1024px\" \/><\/figure>\n\n\n\n<h2 class=\"wp-block-heading has-text-align-center has-text-color\" style=\"color:#f14606;font-size:22px\">D\u00eda de Elecciones. Fiesta de la participaci\u00f3n ciudadana.<\/h2>\n\n\n\n<hr class=\"wp-block-separator has-alpha-channel-opacity\"\/>\n\n\n\n<p><\/p>\n\n\n\n<figure class=\"wp-block-image aligncenter size-large\"><img loading=\"lazy\" decoding=\"async\" width=\"812\" height=\"1024\" src=\"http:\/\/www.vecinosxcolladomediano.com\/wp-content\/uploads\/2023\/05\/DIA-CONTRA-LA-VIOLENCIA-DE-GENER-812x1024.jpg\" alt=\"\" class=\"wp-image-174\" srcset=\"https:\/\/www.vecinosxcolladomediano.com\/wp-content\/uploads\/2023\/05\/DIA-CONTRA-LA-VIOLENCIA-DE-GENER-812x1024.jpg 812w, https:\/\/www.vecinosxcolladomediano.com\/wp-content\/uploads\/2023\/05\/DIA-CONTRA-LA-VIOLENCIA-DE-GENER-238x300.jpg 238w, https:\/\/www.vecinosxcolladomediano.com\/wp-content\/uploads\/2023\/05\/DIA-CONTRA-LA-VIOLENCIA-DE-GENER-768x969.jpg 768w, https:\/\/www.vecinosxcolladomediano.com\/wp-content\/uploads\/2023\/05\/DIA-CONTRA-LA-VIOLENCIA-DE-GENER.jpg 1080w\" sizes=\"auto, (max-width: 812px) 100vw, 812px\" \/><\/figure>\n\n\n\n<p class=\"has-text-align-center has-text-color\" style=\"color:#9554b5;font-size:22px\">Enfoque de g\u00e9nero en la<br>actuaci\u00f3n municipal como eje transversal<\/p>\n\n\n\n<figure class=\"wp-block-image size-large\"><img loading=\"lazy\" decoding=\"async\" width=\"1024\" height=\"576\" src=\"http:\/\/www.vecinosxcolladomediano.com\/wp-content\/uploads\/2023\/05\/NOSOTRAS-PARAMOS-8M-1024x576.jpg\" alt=\"\" class=\"wp-image-178\" srcset=\"https:\/\/www.vecinosxcolladomediano.com\/wp-content\/uploads\/2023\/05\/NOSOTRAS-PARAMOS-8M-1024x576.jpg 1024w, https:\/\/www.vecinosxcolladomediano.com\/wp-content\/uploads\/2023\/05\/NOSOTRAS-PARAMOS-8M-300x169.jpg 300w, https:\/\/www.vecinosxcolladomediano.com\/wp-content\/uploads\/2023\/05\/NOSOTRAS-PARAMOS-8M-768x432.jpg 768w, https:\/\/www.vecinosxcolladomediano.com\/wp-content\/uploads\/2023\/05\/NOSOTRAS-PARAMOS-8M-1536x864.jpg 1536w, https:\/\/www.vecinosxcolladomediano.com\/wp-content\/uploads\/2023\/05\/NOSOTRAS-PARAMOS-8M-1568x882.jpg 1568w, https:\/\/www.vecinosxcolladomediano.com\/wp-content\/uploads\/2023\/05\/NOSOTRAS-PARAMOS-8M.jpg 1920w\" sizes=\"auto, (max-width: 1024px) 100vw, 1024px\" \/><\/figure>\n\n\n\n<p><\/p>\n\n\n\n<hr class=\"wp-block-separator has-alpha-channel-opacity\"\/>\n\n\n\n<p><\/p>\n\n\n\n<figure class=\"wp-block-image aligncenter size-full\"><img loading=\"lazy\" decoding=\"async\" width=\"519\" height=\"720\" src=\"http:\/\/www.vecinosxcolladomediano.com\/wp-content\/uploads\/2023\/05\/jornada-energias-renovables.jpg\" alt=\"\" class=\"wp-image-121\" srcset=\"https:\/\/www.vecinosxcolladomediano.com\/wp-content\/uploads\/2023\/05\/jornada-energias-renovables.jpg 519w, https:\/\/www.vecinosxcolladomediano.com\/wp-content\/uploads\/2023\/05\/jornada-energias-renovables-216x300.jpg 216w\" sizes=\"auto, (max-width: 519px) 100vw, 519px\" \/><\/figure>\n\n\n\n<p><\/p>\n\n\n\n<p class=\"has-text-align-center has-text-color\" style=\"color:#1c8143;font-size:22px\">Con las Energ\u00edas Limpias y la Sostenibilidad Energ\u00e9tica<\/p>\n\n\n\n<p><\/p>\n\n\n\n<p><\/p>\n\n\n\n<p class=\"has-text-align-center has-text-color\" style=\"color:#1c8143;font-size:22px\"><\/p>\n","protected":false},"excerpt":{"rendered":"<p>La frase que nos defin\u00eda all\u00e1 por el a\u00f1o&nbsp;2015, &#8220;gente corriente por un pueblo mejor&#8221;, sigue estando presente como valor [&hellip;]<\/p>\n","protected":false},"author":1,"featured_media":0,"parent":0,"menu_order":0,"comment_status":"closed","ping_status":"closed","template":"","meta":{"site-sidebar-layout":"default","site-content-layout":"","ast-site-content-layout":"default","site-content-style":"default","site-sidebar-style":"default","ast-global-header-display":"","ast-banner-title-visibility":"","ast-main-header-display":"","ast-hfb-above-header-display":"","ast-hfb-below-header-display":"","ast-hfb-mobile-header-display":"","site-post-title":"","ast-breadcrumbs-content":"","ast-featured-img":"","footer-sml-layout":"","ast-disable-related-posts":"","theme-transparent-header-meta":"","adv-header-id-meta":"","stick-header-meta":"","header-above-stick-meta":"","header-main-stick-meta":"","header-below-stick-meta":"","astra-migrate-meta-layouts":"default","ast-page-background-enabled":"default","ast-page-background-meta":{"desktop":{"background-color":"var(--ast-global-color-5)","background-image":"","background-repeat":"repeat","background-position":"center center","background-size":"auto","background-attachment":"scroll","background-type":"","background-media":"","overlay-type":"","overlay-color":"","overlay-opacity":"","overlay-gradient":""},"tablet":{"background-color":"","background-image":"","background-repeat":"repeat","background-position":"center center","background-size":"auto","background-attachment":"scroll","background-type":"","background-media":"","overlay-type":"","overlay-color":"","overlay-opacity":"","overlay-gradient":""},"mobile":{"background-color":"","background-image":"","background-repeat":"repeat","background-position":"center center","background-size":"auto","background-attachment":"scroll","background-type":"","background-media":"","overlay-type":"","overlay-color":"","overlay-opacity":"","overlay-gradient":""}},"ast-content-background-meta":{"desktop":{"background-color":"var(--ast-global-color-4)","background-image":"","background-repeat":"repeat","background-position":"center center","background-size":"auto","background-attachment":"scroll","background-type":"","background-media":"","overlay-type":"","overlay-color":"","overlay-opacity":"","overlay-gradient":""},"tablet":{"background-color":"var(--ast-global-color-4)","background-image":"","background-repeat":"repeat","background-position":"center center","background-size":"auto","background-attachment":"scroll","background-type":"","background-media":"","overlay-type":"","overlay-color":"","overlay-opacity":"","overlay-gradient":""},"mobile":{"background-color":"var(--ast-global-color-4)","background-image":"","background-repeat":"repeat","background-position":"center center","background-size":"auto","background-attachment":"scroll","background-type":"","background-media":"","overlay-type":"","overlay-color":"","overlay-opacity":"","overlay-gradient":""}},"footnotes":""},"class_list":["post-14","page","type-page","status-publish","hentry"],"_links":{"self":[{"href":"https:\/\/www.vecinosxcolladomediano.com\/index.php?rest_route=\/wp\/v2\/pages\/14","targetHints":{"allow":["GET"]}}],"collection":[{"href":"https:\/\/www.vecinosxcolladomediano.com\/index.php?rest_route=\/wp\/v2\/pages"}],"about":[{"href":"https:\/\/www.vecinosxcolladomediano.com\/index.php?rest_route=\/wp\/v2\/types\/page"}],"author":[{"embeddable":true,"href":"https:\/\/www.vecinosxcolladomediano.com\/index.php?rest_route=\/wp\/v2\/users\/1"}],"replies":[{"embeddable":true,"href":"https:\/\/www.vecinosxcolladomediano.com\/index.php?rest_route=%2Fwp%2Fv2%2Fcomments&post=14"}],"version-history":[{"count":37,"href":"https:\/\/www.vecinosxcolladomediano.com\/index.php?rest_route=\/wp\/v2\/pages\/14\/revisions"}],"predecessor-version":[{"id":317,"href":"https:\/\/www.vecinosxcolladomediano.com\/index.php?rest_route=\/wp\/v2\/pages\/14\/revisions\/317"}],"wp:attachment":[{"href":"https:\/\/www.vecinosxcolladomediano.com\/index.php?rest_route=%2Fwp%2Fv2%2Fmedia&parent=14"}],"curies":[{"name":"wp","href":"https:\/\/api.w.org\/{rel}","templated":true}]}}