{"id":52,"date":"2023-05-18T17:50:34","date_gmt":"2023-05-18T17:50:34","guid":{"rendered":"https:\/\/www.vecinosxcolladomediano.com\/?page_id=52"},"modified":"2026-04-28T10:02:02","modified_gmt":"2026-04-28T10:02:02","slug":"programa","status":"publish","type":"page","link":"https:\/\/www.vecinosxcolladomediano.com\/?page_id=52","title":{"rendered":"Elecciones 2023"},"content":{"rendered":"\n<p class=\"has-text-align-center has-text-color\" style=\"color:#2b5b34;font-size:23px\"><strong>En mayo del 2015, un grupo de vecinas y vecinos de Collado Mediano nos presentamos a nuestras primeras elecciones municipales. Ocho a\u00f1os despu\u00e9s, en mayo de 2023, seguimos ilusionados present\u00e1ndonos a las terceras elecciones municipales consecutivas.<\/strong><\/p>\n\n\n\n<p class=\"has-text-align-center has-text-color\" style=\"color:#2b5b34;font-size:23px\"><strong>La frase que nos defin\u00eda all\u00e1 por el a\u00f1o&nbsp;2015, &#8220;gente corriente por un pueblo mejor&#8221;, sigue estando presente como valor identitario de nuestras propuestas para Collado Mediano.&nbsp;<\/strong><\/p>\n\n\n\n<figure class=\"wp-block-image size-large\"><img decoding=\"async\" src=\"http:\/\/www.vecinosxcolladomediano.com\/wp-content\/uploads\/2023\/05\/Cartel_FotoGrupo_1B.jpg\" alt=\"\"\/><\/figure>\n\n\n\n<figure class=\"wp-block-image size-large\"><img decoding=\"async\" src=\"http:\/\/www.vecinosxcolladomediano.com\/wp-content\/uploads\/2023\/05\/candidatura.jpg\" alt=\"\"\/><\/figure>\n\n\n\n<h2 class=\"wp-block-heading\">Programa<\/h2>\n\n\n\n<figure class=\"wp-block-image aligncenter size-large\"><a href=\"https:\/\/drive.google.com\/file\/d\/17SRKNqA-zbLBBmPv-MqWmDPPW00txzY0\/view?usp=sharing\" target=\"_blank\" rel=\"noreferrer noopener\"><img loading=\"lazy\" decoding=\"async\" width=\"1024\" height=\"719\" src=\"http:\/\/www.vecinosxcolladomediano.com\/wp-content\/uploads\/2023\/05\/JPG-Programa-2023-1024x719.jpg\" alt=\"\" class=\"wp-image-86\" srcset=\"https:\/\/www.vecinosxcolladomediano.com\/wp-content\/uploads\/2023\/05\/JPG-Programa-2023-1024x719.jpg 1024w, https:\/\/www.vecinosxcolladomediano.com\/wp-content\/uploads\/2023\/05\/JPG-Programa-2023-300x211.jpg 300w, https:\/\/www.vecinosxcolladomediano.com\/wp-content\/uploads\/2023\/05\/JPG-Programa-2023-768x539.jpg 768w, https:\/\/www.vecinosxcolladomediano.com\/wp-content\/uploads\/2023\/05\/JPG-Programa-2023.jpg 1108w\" sizes=\"auto, (max-width: 1024px) 100vw, 1024px\" \/><\/a><\/figure>\n\n\n\n<hr class=\"wp-block-separator has-alpha-channel-opacity\"\/>\n\n\n\n<div class=\"wp-block-buttons is-content-justification-center is-layout-flex wp-container-core-buttons-is-layout-a89b3969 wp-block-buttons-is-layout-flex\">\n<div class=\"wp-block-button is-style-fill\"><a class=\"wp-block-button__link wp-element-button\" href=\"https:\/\/drive.google.com\/file\/d\/17SRKNqA-zbLBBmPv-MqWmDPPW00txzY0\/view?usp=sharing\" target=\"_blank\" rel=\"noreferrer noopener\">Descargar<\/a><\/div>\n<\/div>\n\n\n\n<p>Este programa ha sido elaborado con las aportaciones de las vecinas y vecinos de Collado Mediano que durante estos \u00faltimos 8 a\u00f1os han colaborado con el proyecto que con tanta ilusi\u00f3n empezamos.<\/p>\n\n\n\n<p>Ahora lo continuamos, present\u00e1ndonos a las elecciones locales que se celebrar\u00e1n el pr\u00f3ximo 28 de Mayo.<\/p>\n\n\n\n<p>Con las opiniones recogidas en las Asambleas Abiertas y las acciones promovidas por VXCM como las Bellotadas, Bicicletadas por la Semana de la Movilidad, consultas sobre el PGOU y otras hemos ido creando lo que llamamos el \u201c\u00c1rbol de los Deseos\u201d que cada vez est\u00e1 m\u00e1s lleno de frutos gracias a vuestra colaboraci\u00f3n<\/p>\n\n\n\n<p>Para Vecinos por Collado Mediano es fundamental la participaci\u00f3n de todxs.<\/p>\n\n\n\n<figure class=\"wp-block-image size-large\"><img loading=\"lazy\" decoding=\"async\" width=\"1024\" height=\"576\" src=\"http:\/\/www.vecinosxcolladomediano.com\/wp-content\/uploads\/2023\/05\/ARBOL-DESEOS-1024x576.jpg\" alt=\"\" class=\"wp-image-116\" srcset=\"https:\/\/www.vecinosxcolladomediano.com\/wp-content\/uploads\/2023\/05\/ARBOL-DESEOS-1024x576.jpg 1024w, https:\/\/www.vecinosxcolladomediano.com\/wp-content\/uploads\/2023\/05\/ARBOL-DESEOS-300x169.jpg 300w, https:\/\/www.vecinosxcolladomediano.com\/wp-content\/uploads\/2023\/05\/ARBOL-DESEOS-768x432.jpg 768w, https:\/\/www.vecinosxcolladomediano.com\/wp-content\/uploads\/2023\/05\/ARBOL-DESEOS-1536x864.jpg 1536w, https:\/\/www.vecinosxcolladomediano.com\/wp-content\/uploads\/2023\/05\/ARBOL-DESEOS-2048x1152.jpg 2048w, https:\/\/www.vecinosxcolladomediano.com\/wp-content\/uploads\/2023\/05\/ARBOL-DESEOS-1568x882.jpg 1568w\" sizes=\"auto, (max-width: 1024px) 100vw, 1024px\" \/><\/figure>\n\n\n\n<p><\/p>\n","protected":false},"excerpt":{"rendered":"<p>En mayo del 2015, un grupo de vecinas y vecinos de Collado Mediano nos presentamos a nuestras primeras elecciones municipales. [&hellip;]<\/p>\n","protected":false},"author":1,"featured_media":0,"parent":0,"menu_order":0,"comment_status":"closed","ping_status":"closed","template":"","meta":{"site-sidebar-layout":"default","site-content-layout":"","ast-site-content-layout":"default","site-content-style":"default","site-sidebar-style":"default","ast-global-header-display":"","ast-banner-title-visibility":"","ast-main-header-display":"","ast-hfb-above-header-display":"","ast-hfb-below-header-display":"","ast-hfb-mobile-header-display":"","site-post-title":"","ast-breadcrumbs-content":"","ast-featured-img":"","footer-sml-layout":"","ast-disable-related-posts":"","theme-transparent-header-meta":"","adv-header-id-meta":"","stick-header-meta":"","header-above-stick-meta":"","header-main-stick-meta":"","header-below-stick-meta":"","astra-migrate-meta-layouts":"default","ast-page-background-enabled":"default","ast-page-background-meta":{"desktop":{"background-color":"var(--ast-global-color-5)","background-image":"","background-repeat":"repeat","background-position":"center center","background-size":"auto","background-attachment":"scroll","background-type":"","background-media":"","overlay-type":"","overlay-color":"","overlay-opacity":"","overlay-gradient":""},"tablet":{"background-color":"","background-image":"","background-repeat":"repeat","background-position":"center center","background-size":"auto","background-attachment":"scroll","background-type":"","background-media":"","overlay-type":"","overlay-color":"","overlay-opacity":"","overlay-gradient":""},"mobile":{"background-color":"","background-image":"","background-repeat":"repeat","background-position":"center center","background-size":"auto","background-attachment":"scroll","background-type":"","background-media":"","overlay-type":"","overlay-color":"","overlay-opacity":"","overlay-gradient":""}},"ast-content-background-meta":{"desktop":{"background-color":"var(--ast-global-color-4)","background-image":"","background-repeat":"repeat","background-position":"center center","background-size":"auto","background-attachment":"scroll","background-type":"","background-media":"","overlay-type":"","overlay-color":"","overlay-opacity":"","overlay-gradient":""},"tablet":{"background-color":"var(--ast-global-color-4)","background-image":"","background-repeat":"repeat","background-position":"center center","background-size":"auto","background-attachment":"scroll","background-type":"","background-media":"","overlay-type":"","overlay-color":"","overlay-opacity":"","overlay-gradient":""},"mobile":{"background-color":"var(--ast-global-color-4)","background-image":"","background-repeat":"repeat","background-position":"center center","background-size":"auto","background-attachment":"scroll","background-type":"","background-media":"","overlay-type":"","overlay-color":"","overlay-opacity":"","overlay-gradient":""}},"footnotes":""},"class_list":["post-52","page","type-page","status-publish","hentry"],"_links":{"self":[{"href":"https:\/\/www.vecinosxcolladomediano.com\/index.php?rest_route=\/wp\/v2\/pages\/52","targetHints":{"allow":["GET"]}}],"collection":[{"href":"https:\/\/www.vecinosxcolladomediano.com\/index.php?rest_route=\/wp\/v2\/pages"}],"about":[{"href":"https:\/\/www.vecinosxcolladomediano.com\/index.php?rest_route=\/wp\/v2\/types\/page"}],"author":[{"embeddable":true,"href":"https:\/\/www.vecinosxcolladomediano.com\/index.php?rest_route=\/wp\/v2\/users\/1"}],"replies":[{"embeddable":true,"href":"https:\/\/www.vecinosxcolladomediano.com\/index.php?rest_route=%2Fwp%2Fv2%2Fcomments&post=52"}],"version-history":[{"count":32,"href":"https:\/\/www.vecinosxcolladomediano.com\/index.php?rest_route=\/wp\/v2\/pages\/52\/revisions"}],"predecessor-version":[{"id":316,"href":"https:\/\/www.vecinosxcolladomediano.com\/index.php?rest_route=\/wp\/v2\/pages\/52\/revisions\/316"}],"wp:attachment":[{"href":"https:\/\/www.vecinosxcolladomediano.com\/index.php?rest_route=%2Fwp%2Fv2%2Fmedia&parent=52"}],"curies":[{"name":"wp","href":"https:\/\/api.w.org\/{rel}","templated":true}]}}